{"id":579,"date":"2020-03-31T14:26:03","date_gmt":"2020-03-31T19:26:03","guid":{"rendered":"https:\/\/107.190.140.202\/~ucnccom\/wordpress\/?page_id=579"},"modified":"2020-08-25T14:57:12","modified_gmt":"2020-08-25T19:57:12","slug":"informacion-frente-a-la-crisis-del-covid-19","status":"publish","type":"page","link":"https:\/\/www.ucnc.com.co\/sitio\/informacion-frente-a-la-crisis-del-covid-19\/","title":{"rendered":"Informaci\u00f3n frente a la crisis del COVID-19"},"content":{"rendered":"\n<div class=\"wp-block-group is-layout-flow wp-block-group-is-layout-flow\"><div class=\"wp-block-group__inner-container\"><\/div><\/div>\n\n\n\n<div class=\"wp-block-group\"><div class=\"wp-block-group__inner-container is-layout-flow wp-block-group-is-layout-flow\"><style>.wp-show-posts-columns#wpsp-5998 {margin-left: -2em; }.wp-show-posts-columns#wpsp-5998 .wp-show-posts-inner {margin: 0 0 2em 2em; }<\/style><section id=\"wpsp-5998\" class=\" wp-show-posts\" style=\"\"><article class=\" wp-show-posts-single wpsp-clearfix post-2479 post type-post status-publish format-standard hentry category-covid-19\" itemtype=\"http:\/\/schema.org\/CreativeWork\" itemscope><div class=\"wp-show-posts-inner\" style=\"\">\t\t\t\t\t\t<header class=\"wp-show-posts-entry-header\">\n\t\t\t\t\t\t\t<h2 class=\"wp-show-posts-entry-title\" itemprop=\"headline\"><a href=\"https:\/\/www.ucnc.com.co\/sitio\/circular-conjunta-snr-rnec-no-041-del-17-de-abril-de-2020\/\" rel=\"bookmark\">Circular Conjunta SNR- RNEC No. 041 del 17 de abril de 2020<\/a><\/h2><div class=\"wp-show-posts-entry-meta wp-show-posts-entry-meta-below-title post-meta-inline\"><span class=\"wp-show-posts-posted-on wp-show-posts-meta\">\n\t\t\t\t\t<a href=\"https:\/\/www.ucnc.com.co\/sitio\/circular-conjunta-snr-rnec-no-041-del-17-de-abril-de-2020\/\" title=\"\" rel=\"bookmark\"><time class=\"wp-show-posts-entry-date published\" datetime=\"2020-04-17T18:53:00-05:00\" itemprop=\"datePublished\"><\/time><time class=\"wp-show-posts-updated\" datetime=\"2020-04-24T18:55:27-05:00\" itemprop=\"dateModified\"><\/time><\/a>\n\t\t\t\t<\/span><\/div>\t\t\t\t\t\t<\/header><!-- .entry-header -->\n\t\t\t\t\t\t\t\t\t\t\t<div class=\"wp-show-posts-entry-summary\" itemprop=\"text\">\n\t\t\t\t\t\t\t<p>Inscripci\u00f3n de registro civil de nacimiento durante la emergencia<\/p>\n\t\t\t\t\t\t<\/div><!-- .entry-summary -->\n\t\t\t\t\t<\/div><!-- wp-show-posts-inner --><div class=\"wpsp-clear\"><\/div><\/article><article class=\" wp-show-posts-single wpsp-clearfix post-2474 post type-post status-publish format-standard hentry category-covid-19\" itemtype=\"http:\/\/schema.org\/CreativeWork\" itemscope><div class=\"wp-show-posts-inner\" style=\"\">\t\t\t\t\t\t<header class=\"wp-show-posts-entry-header\">\n\t\t\t\t\t\t\t<h2 class=\"wp-show-posts-entry-title\" itemprop=\"headline\"><a href=\"https:\/\/www.ucnc.com.co\/sitio\/decreto-presidencial-no-558-del-15-de-abril-de-2020\/\" rel=\"bookmark\">Decreto Presidencial N\u00b0558 del 15 de abril de 2020<\/a><\/h2><div class=\"wp-show-posts-entry-meta wp-show-posts-entry-meta-below-title post-meta-inline\"><span class=\"wp-show-posts-posted-on wp-show-posts-meta\">\n\t\t\t\t\t<a href=\"https:\/\/www.ucnc.com.co\/sitio\/decreto-presidencial-no-558-del-15-de-abril-de-2020\/\" title=\"\" rel=\"bookmark\"><time class=\"wp-show-posts-entry-date published\" datetime=\"2020-04-15T18:49:00-05:00\" itemprop=\"datePublished\"><\/time><time class=\"wp-show-posts-updated\" datetime=\"2021-08-10T14:50:55-05:00\" itemprop=\"dateModified\"><\/time><\/a>\n\t\t\t\t<\/span><\/div>\t\t\t\t\t\t<\/header><!-- .entry-header -->\n\t\t\t\t\t\t\t\t\t\t\t<div class=\"wp-show-posts-entry-summary\" itemprop=\"text\">\n\t\t\t\t\t\t\t<p>Medidas para disminuir temporalmente la cotizaci\u00f3n al Sistema General de Pensiones y proteger a los pensionados de abril de 2020 \u2013 Medidas transitorias en procesos de insolvencia<\/p>\n\t\t\t\t\t\t<\/div><!-- .entry-summary -->\n\t\t\t\t\t<\/div><!-- wp-show-posts-inner --><div class=\"wpsp-clear\"><\/div><\/article><article class=\" wp-show-posts-single wpsp-clearfix post-2465 post type-post status-publish format-standard hentry category-covid-19\" itemtype=\"http:\/\/schema.org\/CreativeWork\" itemscope><div class=\"wp-show-posts-inner\" style=\"\">\t\t\t\t\t\t<header class=\"wp-show-posts-entry-header\">\n\t\t\t\t\t\t\t<h2 class=\"wp-show-posts-entry-title\" itemprop=\"headline\"><a href=\"https:\/\/www.ucnc.com.co\/sitio\/decreto-presidencial-no-560-del-15-de-abril-de-2020\/\" rel=\"bookmark\">Decreto Presidencial No. 560 del 15 de abril de 2020<\/a><\/h2><div class=\"wp-show-posts-entry-meta wp-show-posts-entry-meta-below-title post-meta-inline\"><span class=\"wp-show-posts-posted-on wp-show-posts-meta\">\n\t\t\t\t\t<a href=\"https:\/\/www.ucnc.com.co\/sitio\/decreto-presidencial-no-560-del-15-de-abril-de-2020\/\" title=\"\" rel=\"bookmark\"><time class=\"wp-show-posts-entry-date published\" datetime=\"2020-04-11T18:43:00-05:00\" itemprop=\"datePublished\"><\/time><time class=\"wp-show-posts-updated\" datetime=\"2020-04-24T18:49:01-05:00\" itemprop=\"dateModified\"><\/time><\/a>\n\t\t\t\t<\/span><\/div>\t\t\t\t\t\t<\/header><!-- .entry-header -->\n\t\t\t\t\t\t\t\t\t\t\t<div class=\"wp-show-posts-entry-summary\" itemprop=\"text\">\n\t\t\t\t\t\t\t<p>Medidas transitorias en procesos de insolvencia<\/p>\n\t\t\t\t\t\t<\/div><!-- .entry-summary -->\n\t\t\t\t\t<\/div><!-- wp-show-posts-inner --><div class=\"wpsp-clear\"><\/div><\/article><article class=\" wp-show-posts-single wpsp-clearfix post-2390 post type-post status-publish format-standard hentry category-covid-19\" itemtype=\"http:\/\/schema.org\/CreativeWork\" itemscope><div class=\"wp-show-posts-inner\" style=\"\">\t\t\t\t\t\t<header class=\"wp-show-posts-entry-header\">\n\t\t\t\t\t\t\t<h2 class=\"wp-show-posts-entry-title\" itemprop=\"headline\"><a href=\"https:\/\/www.ucnc.com.co\/sitio\/decreto-presidencial-no-536-del-11-de-abril-de-2020\/\" rel=\"bookmark\">Decreto Presidencial No. 536 del 11 de abril de 2020<\/a><\/h2><div class=\"wp-show-posts-entry-meta wp-show-posts-entry-meta-below-title post-meta-inline\"><span class=\"wp-show-posts-posted-on wp-show-posts-meta\">\n\t\t\t\t\t<a href=\"https:\/\/www.ucnc.com.co\/sitio\/decreto-presidencial-no-536-del-11-de-abril-de-2020\/\" title=\"\" rel=\"bookmark\"><time class=\"wp-show-posts-entry-date published\" datetime=\"2020-04-11T10:06:00-05:00\" itemprop=\"datePublished\"><\/time><time class=\"wp-show-posts-updated\" datetime=\"2020-04-24T10:50:15-05:00\" itemprop=\"dateModified\"><\/time><\/a>\n\t\t\t\t<\/span><\/div>\t\t\t\t\t\t<\/header><!-- .entry-header -->\n\t\t\t\t\t\t\t\t\t\t\t<div class=\"wp-show-posts-entry-summary\" itemprop=\"text\">\n\t\t\t\t\t\t\t<p>Modifica el Decreto 531 de 2020<\/p>\n\t\t\t\t\t\t<\/div><!-- .entry-summary -->\n\t\t\t\t\t<\/div><!-- wp-show-posts-inner --><div class=\"wpsp-clear\"><\/div><\/article><article class=\" wp-show-posts-single wpsp-clearfix post-2031 post type-post status-publish format-standard hentry category-covid-19\" itemtype=\"http:\/\/schema.org\/CreativeWork\" itemscope><div class=\"wp-show-posts-inner\" style=\"\">\t\t\t\t\t\t<header class=\"wp-show-posts-entry-header\">\n\t\t\t\t\t\t\t<h2 class=\"wp-show-posts-entry-title\" itemprop=\"headline\"><a href=\"https:\/\/www.ucnc.com.co\/sitio\/resolucionno3323\/\" rel=\"bookmark\">Resoluci\u00f3n No. 3323 del 9 de abril de 2020<\/a><\/h2><div class=\"wp-show-posts-entry-meta wp-show-posts-entry-meta-below-title post-meta-inline\"><span class=\"wp-show-posts-posted-on wp-show-posts-meta\">\n\t\t\t\t\t<a href=\"https:\/\/www.ucnc.com.co\/sitio\/resolucionno3323\/\" title=\"\" rel=\"bookmark\"><time class=\"wp-show-posts-entry-date published\" datetime=\"2020-04-09T12:10:05-05:00\" itemprop=\"datePublished\"><\/time><time class=\"wp-show-posts-updated\" datetime=\"2020-04-24T10:39:13-05:00\" itemprop=\"dateModified\"><\/time><\/a>\n\t\t\t\t<\/span><\/div>\t\t\t\t\t\t<\/header><!-- .entry-header -->\n\t\t\t\t\t\t\t\t\t\t\t<div class=\"wp-show-posts-entry-summary\" itemprop=\"text\">\n\t\t\t\t\t\t\t<p>Turnos Notariales del 13 al 26 de abril de 2020<\/p>\n\t\t\t\t\t\t<\/div><!-- .entry-summary -->\n\t\t\t\t\t<\/div><!-- wp-show-posts-inner --><div class=\"wpsp-clear\"><\/div><\/article><article class=\" wp-show-posts-single wpsp-clearfix post-2411 post type-post status-publish format-standard hentry category-covid-19\" itemtype=\"http:\/\/schema.org\/CreativeWork\" itemscope><div class=\"wp-show-posts-inner\" style=\"\">\t\t\t\t\t\t<header class=\"wp-show-posts-entry-header\">\n\t\t\t\t\t\t\t<h2 class=\"wp-show-posts-entry-title\" itemprop=\"headline\"><a href=\"https:\/\/www.ucnc.com.co\/sitio\/resolucion-no-3325-del-9-de-abril-de-2020\/\" rel=\"bookmark\">Resoluci\u00f3n No. 3325 del 9 de abril de 2020<\/a><\/h2><div class=\"wp-show-posts-entry-meta wp-show-posts-entry-meta-below-title post-meta-inline\"><span class=\"wp-show-posts-posted-on wp-show-posts-meta\">\n\t\t\t\t\t<a href=\"https:\/\/www.ucnc.com.co\/sitio\/resolucion-no-3325-del-9-de-abril-de-2020\/\" title=\"\" rel=\"bookmark\"><time class=\"wp-show-posts-entry-date published\" datetime=\"2020-04-09T10:54:00-05:00\" itemprop=\"datePublished\"><\/time><time class=\"wp-show-posts-updated\" datetime=\"2020-04-24T10:58:40-05:00\" itemprop=\"dateModified\"><\/time><\/a>\n\t\t\t\t<\/span><\/div>\t\t\t\t\t\t<\/header><!-- .entry-header -->\n\t\t\t\t\t\t\t\t\t\t\t<div class=\"wp-show-posts-entry-summary\" itemprop=\"text\">\n\t\t\t\t\t\t\t<p>Suspensi\u00f3n de t\u00e9rminos en la SNR hasta el 26 de abril<\/p>\n\t\t\t\t\t\t<\/div><!-- .entry-summary -->\n\t\t\t\t\t<\/div><!-- wp-show-posts-inner --><div class=\"wpsp-clear\"><\/div><\/article><article class=\" wp-show-posts-single wpsp-clearfix post-2400 post type-post status-publish format-standard hentry category-covid-19\" itemtype=\"http:\/\/schema.org\/CreativeWork\" itemscope><div class=\"wp-show-posts-inner\" style=\"\">\t\t\t\t\t\t<header class=\"wp-show-posts-entry-header\">\n\t\t\t\t\t\t\t<h2 class=\"wp-show-posts-entry-title\" itemprop=\"headline\"><a href=\"https:\/\/www.ucnc.com.co\/sitio\/resolucion-no-3324-del-9-de-abril-de-2020\/\" rel=\"bookmark\">Resoluci\u00f3n No. 3324 del 9 de abril de 2020<\/a><\/h2><div class=\"wp-show-posts-entry-meta wp-show-posts-entry-meta-below-title post-meta-inline\"><span class=\"wp-show-posts-posted-on wp-show-posts-meta\">\n\t\t\t\t\t<a href=\"https:\/\/www.ucnc.com.co\/sitio\/resolucion-no-3324-del-9-de-abril-de-2020\/\" title=\"\" rel=\"bookmark\"><time class=\"wp-show-posts-entry-date published\" datetime=\"2020-04-09T10:51:00-05:00\" itemprop=\"datePublished\"><\/time><time class=\"wp-show-posts-updated\" datetime=\"2020-04-24T10:54:15-05:00\" itemprop=\"dateModified\"><\/time><\/a>\n\t\t\t\t<\/span><\/div>\t\t\t\t\t\t<\/header><!-- .entry-header -->\n\t\t\t\t\t\t\t\t\t\t\t<div class=\"wp-show-posts-entry-summary\" itemprop=\"text\">\n\t\t\t\t\t\t\t<p>Corrige la Resoluci\u00f3n 3323 del 9 de abril de 2020<\/p>\n\t\t\t\t\t\t<\/div><!-- .entry-summary -->\n\t\t\t\t\t<\/div><!-- wp-show-posts-inner --><div class=\"wpsp-clear\"><\/div><\/article><article class=\" wp-show-posts-single wpsp-clearfix post-2380 post type-post status-publish format-standard hentry category-covid-19\" itemtype=\"http:\/\/schema.org\/CreativeWork\" itemscope><div class=\"wp-show-posts-inner\" style=\"\">\t\t\t\t\t\t<header class=\"wp-show-posts-entry-header\">\n\t\t\t\t\t\t\t<h2 class=\"wp-show-posts-entry-title\" itemprop=\"headline\"><a href=\"https:\/\/www.ucnc.com.co\/sitio\/decreto-presidencial-no-531-del-8-de-abril-de-2020\/\" rel=\"bookmark\">Decreto Presidencial No. 531 del 8 de abril de 2020<\/a><\/h2><div class=\"wp-show-posts-entry-meta wp-show-posts-entry-meta-below-title post-meta-inline\"><span class=\"wp-show-posts-posted-on wp-show-posts-meta\">\n\t\t\t\t\t<a href=\"https:\/\/www.ucnc.com.co\/sitio\/decreto-presidencial-no-531-del-8-de-abril-de-2020\/\" title=\"\" rel=\"bookmark\"><time class=\"wp-show-posts-entry-date published\" datetime=\"2020-04-08T10:01:00-05:00\" itemprop=\"datePublished\"><\/time><time class=\"wp-show-posts-updated\" datetime=\"2020-04-24T10:04:38-05:00\" itemprop=\"dateModified\"><\/time><\/a>\n\t\t\t\t<\/span><\/div>\t\t\t\t\t\t<\/header><!-- .entry-header -->\n\t\t\t\t\t\t\t\t\t\t\t<div class=\"wp-show-posts-entry-summary\" itemprop=\"text\">\n\t\t\t\t\t\t\t<p>Ampliaci\u00f3n del aislamiento preventivo y medidas<\/p>\n\t\t\t\t\t\t<\/div><!-- .entry-summary -->\n\t\t\t\t\t<\/div><!-- wp-show-posts-inner --><div class=\"wpsp-clear\"><\/div><\/article><article class=\" wp-show-posts-single wpsp-clearfix post-2367 post type-post status-publish format-standard hentry category-covid-19\" itemtype=\"http:\/\/schema.org\/CreativeWork\" itemscope><div class=\"wp-show-posts-inner\" style=\"\">\t\t\t\t\t\t<header class=\"wp-show-posts-entry-header\">\n\t\t\t\t\t\t\t<h2 class=\"wp-show-posts-entry-title\" itemprop=\"headline\"><a href=\"https:\/\/www.ucnc.com.co\/sitio\/decreto-distrital-no-106-del-8-de-abril-de-2020\/\" rel=\"bookmark\">Decreto Distrital No. 106 del 8 de abril de 2020<\/a><\/h2><div class=\"wp-show-posts-entry-meta wp-show-posts-entry-meta-below-title post-meta-inline\"><span class=\"wp-show-posts-posted-on wp-show-posts-meta\">\n\t\t\t\t\t<a href=\"https:\/\/www.ucnc.com.co\/sitio\/decreto-distrital-no-106-del-8-de-abril-de-2020\/\" title=\"\" rel=\"bookmark\"><time class=\"wp-show-posts-entry-date published\" datetime=\"2020-04-08T09:37:00-05:00\" itemprop=\"datePublished\"><\/time><time class=\"wp-show-posts-updated\" datetime=\"2020-04-24T09:57:29-05:00\" itemprop=\"dateModified\"><\/time><\/a>\n\t\t\t\t<\/span><\/div>\t\t\t\t\t\t<\/header><!-- .entry-header -->\n\t\t\t\t\t\t\t\t\t\t\t<div class=\"wp-show-posts-entry-summary\" itemprop=\"text\">\n\t\t\t\t\t\t\t<p>Continuidad de medidas para el aislamiento obligatorio en Bogot\u00e1.<\/p>\n\t\t\t\t\t\t<\/div><!-- .entry-summary -->\n\t\t\t\t\t<\/div><!-- wp-show-posts-inner --><div class=\"wpsp-clear\"><\/div><\/article><article class=\" wp-show-posts-single wpsp-clearfix post-2134 post type-post status-publish format-standard hentry category-covid-19\" itemtype=\"http:\/\/schema.org\/CreativeWork\" itemscope><div class=\"wp-show-posts-inner\" style=\"\">\t\t\t\t\t\t<header class=\"wp-show-posts-entry-header\">\n\t\t\t\t\t\t\t<h2 class=\"wp-show-posts-entry-title\" itemprop=\"headline\"><a href=\"https:\/\/www.ucnc.com.co\/sitio\/decreto-presidencial-no-491-del-28-de-marzo-de-2020\/\" rel=\"bookmark\">Decreto Presidencial No. 491 del 28 de marzo de 2020<\/a><\/h2><div class=\"wp-show-posts-entry-meta wp-show-posts-entry-meta-below-title post-meta-inline\"><span class=\"wp-show-posts-posted-on wp-show-posts-meta\">\n\t\t\t\t\t<a href=\"https:\/\/www.ucnc.com.co\/sitio\/decreto-presidencial-no-491-del-28-de-marzo-de-2020\/\" title=\"\" rel=\"bookmark\"><time class=\"wp-show-posts-entry-date published\" datetime=\"2020-03-28T15:51:51-05:00\" itemprop=\"datePublished\"><\/time><time class=\"wp-show-posts-updated\" datetime=\"2020-04-23T20:10:31-05:00\" itemprop=\"dateModified\"><\/time><\/a>\n\t\t\t\t<\/span><\/div>\t\t\t\t\t\t<\/header><!-- .entry-header -->\n\t\t\t\t\t\t\t\t\t\t\t<div class=\"wp-show-posts-entry-summary\" itemprop=\"text\">\n\t\t\t\t\t\t\t<p>Medidas para prestar servicios por autoridades p\u00fablicas y particulares<\/p>\n\t\t\t\t\t\t<\/div><!-- .entry-summary -->\n\t\t\t\t\t<\/div><!-- wp-show-posts-inner --><div class=\"wpsp-clear\"><\/div><\/article><\/section><!-- .wp-show-posts --><div class=\"wpsp-load-more\"><span aria-current=\"page\" class=\"page-numbers current\">1<\/span>\n<a class=\"page-numbers\" href=\"https:\/\/www.ucnc.com.co\/sitio\/wp-json\/wp\/v2\/pages\/579\/page\/2\/\">2<\/a>\n<a class=\"page-numbers\" href=\"https:\/\/www.ucnc.com.co\/sitio\/wp-json\/wp\/v2\/pages\/579\/page\/3\/\">3<\/a>\n<a class=\"next page-numbers\" href=\"https:\/\/www.ucnc.com.co\/sitio\/wp-json\/wp\/v2\/pages\/579\/page\/2\/\">Next &rarr;<\/a><\/div>\n<\/div><\/div>\n\n\n\n<p><a title=\"Instrucci\u00f3n Administrativa No. 5 del 11 de abril de 2020 -  Plan de contingencia para la radicaci\u00f3n de escrituras p\u00fablicas en las ORIP.pdf\" href=\"https:\/\/unioncolegiadadelnotariadocolombiano.com\/sitio\/sites\/default\/files\/Instrucci%C3%B3n%20Administrativa%20No.%205%20del%2011%20de%20abril%20de%202020%20-%20%20Plan%20de%20contingencia%20para%20la%20radicaci%C3%B3n%20de%20escrituras%20p%C3%BAblicas%20en%20las%20ORIP.pdf\" target=\"_blank\" rel=\"noopener noreferrer\" type=\"application\/pdf; length=415928\"><img decoding=\"async\" class=\"alignleft  wp-image-848\" src=\"https:\/\/107.190.140.202\/~ucnccom\/wordpress\/wp-content\/uploads\/2020\/04\/pdf1-300x300.jpg\" alt=\"\" width=\"37\" height=\"37\" \/><\/a><\/p>\n<p><a title=\"Instrucci\u00f3n Administrativa No. 5 del 11 de abril de 2020 -  Plan de contingencia para la radicaci\u00f3n de escrituras p\u00fablicas en las ORIP.pdf\" href=\"https:\/\/unioncolegiadadelnotariadocolombiano.com\/sitio\/sites\/default\/files\/Instrucci%C3%B3n%20Administrativa%20No.%205%20del%2011%20de%20abril%20de%202020%20-%20%20Plan%20de%20contingencia%20para%20la%20radicaci%C3%B3n%20de%20escrituras%20p%C3%BAblicas%20en%20las%20ORIP.pdf\" target=\"_blank\" rel=\"noopener noreferrer\" type=\"application\/pdf; length=415928\"><img decoding=\"async\" class=\"alignleft  wp-image-848\" src=\"https:\/\/107.190.140.202\/~ucnccom\/wordpress\/wp-content\/uploads\/2020\/04\/pdf1-300x300.jpg\" alt=\"\" width=\"37\" height=\"37\" \/><\/a><\/p>\n<p style=\"text-align: justify;\">\u00a0<\/p>\n<p><a title=\"Instrucci\u00f3n Administrativa No. 5 del 11 de abril de 2020 -  Plan de contingencia para la radicaci\u00f3n de escrituras p\u00fablicas en las ORIP.pdf\" href=\"https:\/\/unioncolegiadadelnotariadocolombiano.com\/sitio\/sites\/default\/files\/Instrucci%C3%B3n%20Administrativa%20No.%205%20del%2011%20de%20abril%20de%202020%20-%20%20Plan%20de%20contingencia%20para%20la%20radicaci%C3%B3n%20de%20escrituras%20p%C3%BAblicas%20en%20las%20ORIP.pdf\" target=\"_blank\" rel=\"noopener noreferrer\" type=\"application\/pdf; length=415928\"><img decoding=\"async\" class=\"alignleft  wp-image-848\" src=\"https:\/\/107.190.140.202\/~ucnccom\/wordpress\/wp-content\/uploads\/2020\/04\/pdf1-300x300.jpg\" alt=\"\" width=\"37\" height=\"37\" \/><\/a><\/p>\n<p style=\"text-align: justify;\">\u00a0<\/p>\n<p style=\"text-align: justify;\"><a title=\"Instrucci\u00f3n Administrativa No. 5 del 11 de abril de 2020 -  Plan de contingencia para la radicaci\u00f3n de escrituras p\u00fablicas en las ORIP.pdf\" href=\"https:\/\/unioncolegiadadelnotariadocolombiano.com\/sitio\/sites\/default\/files\/Instrucci%C3%B3n%20Administrativa%20No.%205%20del%2011%20de%20abril%20de%202020%20-%20%20Plan%20de%20contingencia%20para%20la%20radicaci%C3%B3n%20de%20escrituras%20p%C3%BAblicas%20en%20las%20ORIP.pdf\" target=\"_blank\" rel=\"noopener noreferrer\" type=\"application\/pdf; length=415928\"><img decoding=\"async\" class=\"alignleft  wp-image-848\" src=\"https:\/\/107.190.140.202\/~ucnccom\/wordpress\/wp-content\/uploads\/2020\/04\/pdf1-300x300.jpg\" alt=\"\" width=\"37\" height=\"37\" \/><\/a><\/p>\n<p style=\"text-align: justify;\"><a title=\"Instrucci\u00f3n Administrativa No. 5 del 11 de abril de 2020 -  Plan de contingencia para la radicaci\u00f3n de escrituras p\u00fablicas en las ORIP.pdf\" href=\"https:\/\/unioncolegiadadelnotariadocolombiano.com\/sitio\/sites\/default\/files\/Instrucci%C3%B3n%20Administrativa%20No.%205%20del%2011%20de%20abril%20de%202020%20-%20%20Plan%20de%20contingencia%20para%20la%20radicaci%C3%B3n%20de%20escrituras%20p%C3%BAblicas%20en%20las%20ORIP.pdf\" target=\"_blank\" rel=\"noopener noreferrer\" type=\"application\/pdf; length=415928\"><img decoding=\"async\" class=\"alignleft  wp-image-848\" src=\"https:\/\/107.190.140.202\/~ucnccom\/wordpress\/wp-content\/uploads\/2020\/04\/pdf1-300x300.jpg\" alt=\"\" width=\"37\" height=\"37\" \/><\/a><\/p>\n<p style=\"text-align: justify;\"><a title=\"Instrucci\u00f3n Administrativa No. 5 del 11 de abril de 2020 -  Plan de contingencia para la radicaci\u00f3n de escrituras p\u00fablicas en las ORIP.pdf\" href=\"https:\/\/unioncolegiadadelnotariadocolombiano.com\/sitio\/sites\/default\/files\/Instrucci%C3%B3n%20Administrativa%20No.%205%20del%2011%20de%20abril%20de%202020%20-%20%20Plan%20de%20contingencia%20para%20la%20radicaci%C3%B3n%20de%20escrituras%20p%C3%BAblicas%20en%20las%20ORIP.pdf\" target=\"_blank\" rel=\"noopener noreferrer\" type=\"application\/pdf; length=415928\"><img decoding=\"async\" class=\"alignleft  wp-image-848\" src=\"https:\/\/107.190.140.202\/~ucnccom\/wordpress\/wp-content\/uploads\/2020\/04\/pdf1-300x300.jpg\" alt=\"\" width=\"37\" height=\"37\" \/><\/a><\/p>\n<p style=\"text-align: justify;\"><a title=\"Instrucci\u00f3n Administrativa No. 5 del 11 de abril de 2020 -  Plan de contingencia para la radicaci\u00f3n de escrituras p\u00fablicas en las ORIP.pdf\" href=\"https:\/\/unioncolegiadadelnotariadocolombiano.com\/sitio\/sites\/default\/files\/Instrucci%C3%B3n%20Administrativa%20No.%205%20del%2011%20de%20abril%20de%202020%20-%20%20Plan%20de%20contingencia%20para%20la%20radicaci%C3%B3n%20de%20escrituras%20p%C3%BAblicas%20en%20las%20ORIP.pdf\" target=\"_blank\" rel=\"noopener noreferrer\" type=\"application\/pdf; length=415928\"><img decoding=\"async\" class=\"alignleft  wp-image-848\" src=\"https:\/\/107.190.140.202\/~ucnccom\/wordpress\/wp-content\/uploads\/2020\/04\/pdf1-300x300.jpg\" alt=\"\" width=\"37\" height=\"37\" \/><\/a><\/p>\n<p style=\"text-align: justify;\"><a title=\"Instrucci\u00f3n Administrativa No. 5 del 11 de abril de 2020 -  Plan de contingencia para la radicaci\u00f3n de escrituras p\u00fablicas en las ORIP.pdf\" href=\"https:\/\/unioncolegiadadelnotariadocolombiano.com\/sitio\/sites\/default\/files\/Instrucci%C3%B3n%20Administrativa%20No.%205%20del%2011%20de%20abril%20de%202020%20-%20%20Plan%20de%20contingencia%20para%20la%20radicaci%C3%B3n%20de%20escrituras%20p%C3%BAblicas%20en%20las%20ORIP.pdf\" target=\"_blank\" rel=\"noopener noreferrer\" type=\"application\/pdf; length=415928\"><img decoding=\"async\" class=\"alignleft  wp-image-848\" src=\"https:\/\/107.190.140.202\/~ucnccom\/wordpress\/wp-content\/uploads\/2020\/04\/pdf1-300x300.jpg\" alt=\"\" width=\"37\" height=\"37\" \/><\/a><\/p>\n<p><a title=\"Instrucci\u00f3n Administrativa No. 5 del 11 de abril de 2020 -  Plan de contingencia para la radicaci\u00f3n de escrituras p\u00fablicas en las ORIP.pdf\" href=\"https:\/\/unioncolegiadadelnotariadocolombiano.com\/sitio\/sites\/default\/files\/Instrucci%C3%B3n%20Administrativa%20No.%205%20del%2011%20de%20abril%20de%202020%20-%20%20Plan%20de%20contingencia%20para%20la%20radicaci%C3%B3n%20de%20escrituras%20p%C3%BAblicas%20en%20las%20ORIP.pdf\" target=\"_blank\" rel=\"noopener noreferrer\" type=\"application\/pdf; length=415928\"><img decoding=\"async\" class=\"alignleft  wp-image-848\" src=\"https:\/\/107.190.140.202\/~ucnccom\/wordpress\/wp-content\/uploads\/2020\/04\/pdf1-300x300.jpg\" alt=\"\" width=\"37\" height=\"37\" \/><\/a><\/p>\n<p><a title=\"Instrucci\u00f3n Administrativa No. 5 del 11 de abril de 2020 -  Plan de contingencia para la radicaci\u00f3n de escrituras p\u00fablicas en las ORIP.pdf\" href=\"https:\/\/unioncolegiadadelnotariadocolombiano.com\/sitio\/sites\/default\/files\/Instrucci%C3%B3n%20Administrativa%20No.%205%20del%2011%20de%20abril%20de%202020%20-%20%20Plan%20de%20contingencia%20para%20la%20radicaci%C3%B3n%20de%20escrituras%20p%C3%BAblicas%20en%20las%20ORIP.pdf\" target=\"_blank\" rel=\"noopener noreferrer\" type=\"application\/pdf; length=415928\"><img decoding=\"async\" class=\"alignleft  wp-image-848\" src=\"https:\/\/107.190.140.202\/~ucnccom\/wordpress\/wp-content\/uploads\/2020\/04\/pdf1-300x300.jpg\" alt=\"\" width=\"37\" height=\"37\" \/><\/a><\/p>\n<p><a title=\"Instrucci\u00f3n Administrativa No. 5 del 11 de abril de 2020 -  Plan de contingencia para la radicaci\u00f3n de escrituras p\u00fablicas en las ORIP.pdf\" href=\"https:\/\/unioncolegiadadelnotariadocolombiano.com\/sitio\/sites\/default\/files\/Instrucci%C3%B3n%20Administrativa%20No.%205%20del%2011%20de%20abril%20de%202020%20-%20%20Plan%20de%20contingencia%20para%20la%20radicaci%C3%B3n%20de%20escrituras%20p%C3%BAblicas%20en%20las%20ORIP.pdf\" target=\"_blank\" rel=\"noopener noreferrer\" type=\"application\/pdf; length=415928\"><img decoding=\"async\" class=\"alignleft  wp-image-848\" src=\"https:\/\/107.190.140.202\/~ucnccom\/wordpress\/wp-content\/uploads\/2020\/04\/pdf1-300x300.jpg\" alt=\"\" width=\"37\" height=\"37\" \/><\/a><\/p>\n<p><a title=\"Instrucci\u00f3n Administrativa No. 5 del 11 de abril de 2020 -  Plan de contingencia para la radicaci\u00f3n de escrituras p\u00fablicas en las ORIP.pdf\" href=\"https:\/\/unioncolegiadadelnotariadocolombiano.com\/sitio\/sites\/default\/files\/Instrucci%C3%B3n%20Administrativa%20No.%205%20del%2011%20de%20abril%20de%202020%20-%20%20Plan%20de%20contingencia%20para%20la%20radicaci%C3%B3n%20de%20escrituras%20p%C3%BAblicas%20en%20las%20ORIP.pdf\" target=\"_blank\" rel=\"noopener noreferrer\" type=\"application\/pdf; length=415928\"><img decoding=\"async\" class=\"alignleft  wp-image-848\" src=\"https:\/\/107.190.140.202\/~ucnccom\/wordpress\/wp-content\/uploads\/2020\/04\/pdf1-300x300.jpg\" alt=\"\" width=\"37\" height=\"37\" \/><\/a><\/p>\n\n\n\n<p><\/p>\n","protected":false},"excerpt":{"rendered":"<p>\u00a0 \u00a0<\/p>\n","protected":false},"author":1,"featured_media":0,"parent":0,"menu_order":0,"comment_status":"closed","ping_status":"closed","template":"","meta":{"site-sidebar-layout":"default","site-content-layout":"","ast-site-content-layout":"","site-content-style":"default","site-sidebar-style":"default","ast-global-header-display":"","ast-banner-title-visibility":"","ast-main-header-display":"","ast-hfb-above-header-display":"","ast-hfb-below-header-display":"","ast-hfb-mobile-header-display":"","site-post-title":"","ast-breadcrumbs-content":"","ast-featured-img":"","footer-sml-layout":"","theme-transparent-header-meta":"","adv-header-id-meta":"","stick-header-meta":"","header-above-stick-meta":"","header-main-stick-meta":"","header-below-stick-meta":"","astra-migrate-meta-layouts":"","footnotes":""},"yoast_head":"<!-- This site is optimized with the Yoast SEO plugin v22.6 - https:\/\/yoast.com\/wordpress\/plugins\/seo\/ -->\n<title>Informaci\u00f3n frente a la crisis del COVID-19 - UCNC - Uni\u00f3n Colegiada del Notariado Colombiano<\/title>\n<meta name=\"description\" content=\"Consulte aqu\u00ed la principal Informaci\u00f3n frente a la crisis del COVID-19 consolidada por la UCNC\" \/>\n<meta name=\"robots\" content=\"index, follow, max-snippet:-1, max-image-preview:large, max-video-preview:-1\" \/>\n<link rel=\"canonical\" href=\"https:\/\/www.ucnc.com.co\/sitio\/informacion-frente-a-la-crisis-del-covid-19\/\" \/>\n<meta property=\"og:locale\" content=\"es_ES\" \/>\n<meta property=\"og:type\" content=\"article\" \/>\n<meta property=\"og:title\" content=\"Informaci\u00f3n frente a la crisis del COVID-19 - UCNC - Uni\u00f3n Colegiada del Notariado Colombiano\" \/>\n<meta property=\"og:description\" content=\"Consulte aqu\u00ed la principal Informaci\u00f3n frente a la crisis del COVID-19 consolidada por la UCNC\" \/>\n<meta property=\"og:url\" content=\"https:\/\/www.ucnc.com.co\/sitio\/informacion-frente-a-la-crisis-del-covid-19\/\" \/>\n<meta property=\"og:site_name\" content=\"UCNC - Uni\u00f3n Colegiada del Notariado Colombiano\" \/>\n<meta property=\"article:publisher\" content=\"https:\/\/www.facebook.com\/NotariadoColombiano\/\" \/>\n<meta property=\"article:modified_time\" content=\"2020-08-25T19:57:12+00:00\" \/>\n<meta property=\"og:image\" content=\"https:\/\/107.190.140.202\/~ucnccom\/wordpress\/wp-content\/uploads\/2020\/04\/pdf1-300x300.jpg\" \/>\n<meta name=\"twitter:card\" content=\"summary_large_image\" \/>\n<meta name=\"twitter:site\" content=\"@notariadoucnc\" \/>\n<script type=\"application\/ld+json\" class=\"yoast-schema-graph\">{\"@context\":\"https:\/\/schema.org\",\"@graph\":[{\"@type\":\"WebPage\",\"@id\":\"https:\/\/www.ucnc.com.co\/sitio\/informacion-frente-a-la-crisis-del-covid-19\/\",\"url\":\"https:\/\/www.ucnc.com.co\/sitio\/informacion-frente-a-la-crisis-del-covid-19\/\",\"name\":\"Informaci\u00f3n frente a la crisis del COVID-19 - UCNC - Uni\u00f3n Colegiada del Notariado Colombiano\",\"isPartOf\":{\"@id\":\"https:\/\/www.ucnc.com.co\/sitio\/#website\"},\"primaryImageOfPage\":{\"@id\":\"https:\/\/www.ucnc.com.co\/sitio\/informacion-frente-a-la-crisis-del-covid-19\/#primaryimage\"},\"image\":{\"@id\":\"https:\/\/www.ucnc.com.co\/sitio\/informacion-frente-a-la-crisis-del-covid-19\/#primaryimage\"},\"thumbnailUrl\":\"https:\/\/107.190.140.202\/~ucnccom\/wordpress\/wp-content\/uploads\/2020\/04\/pdf1-300x300.jpg\",\"datePublished\":\"2020-03-31T19:26:03+00:00\",\"dateModified\":\"2020-08-25T19:57:12+00:00\",\"description\":\"Consulte aqu\u00ed la principal Informaci\u00f3n frente a la crisis del COVID-19 consolidada por la UCNC\",\"breadcrumb\":{\"@id\":\"https:\/\/www.ucnc.com.co\/sitio\/informacion-frente-a-la-crisis-del-covid-19\/#breadcrumb\"},\"inLanguage\":\"es-CO\",\"potentialAction\":[{\"@type\":\"ReadAction\",\"target\":[\"https:\/\/www.ucnc.com.co\/sitio\/informacion-frente-a-la-crisis-del-covid-19\/\"]}]},{\"@type\":\"ImageObject\",\"inLanguage\":\"es-CO\",\"@id\":\"https:\/\/www.ucnc.com.co\/sitio\/informacion-frente-a-la-crisis-del-covid-19\/#primaryimage\",\"url\":\"https:\/\/107.190.140.202\/~ucnccom\/wordpress\/wp-content\/uploads\/2020\/04\/pdf1-300x300.jpg\",\"contentUrl\":\"https:\/\/107.190.140.202\/~ucnccom\/wordpress\/wp-content\/uploads\/2020\/04\/pdf1-300x300.jpg\"},{\"@type\":\"BreadcrumbList\",\"@id\":\"https:\/\/www.ucnc.com.co\/sitio\/informacion-frente-a-la-crisis-del-covid-19\/#breadcrumb\",\"itemListElement\":[{\"@type\":\"ListItem\",\"position\":1,\"name\":\"Home\",\"item\":\"https:\/\/www.ucnc.com.co\/sitio\/\"},{\"@type\":\"ListItem\",\"position\":2,\"name\":\"Informaci\u00f3n frente a la crisis del COVID-19\"}]},{\"@type\":\"WebSite\",\"@id\":\"https:\/\/www.ucnc.com.co\/sitio\/#website\",\"url\":\"https:\/\/www.ucnc.com.co\/sitio\/\",\"name\":\"UCNC - Uni\u00f3n Colegiada del Notariado Colombiano\",\"description\":\"Entidad privada sin \u00e1nimo de lucro que re\u00fane y representa a los notarios de Colombia.\",\"publisher\":{\"@id\":\"https:\/\/www.ucnc.com.co\/sitio\/#organization\"},\"alternateName\":\"UCNC\",\"potentialAction\":[{\"@type\":\"SearchAction\",\"target\":{\"@type\":\"EntryPoint\",\"urlTemplate\":\"https:\/\/www.ucnc.com.co\/sitio\/?s={search_term_string}\"},\"query-input\":\"required name=search_term_string\"}],\"inLanguage\":\"es-CO\"},{\"@type\":\"Organization\",\"@id\":\"https:\/\/www.ucnc.com.co\/sitio\/#organization\",\"name\":\"Uni\u00f3n Colegiada del Notariado Colombiano\",\"alternateName\":\"UCNC\",\"url\":\"https:\/\/www.ucnc.com.co\/sitio\/\",\"logo\":{\"@type\":\"ImageObject\",\"inLanguage\":\"es-CO\",\"@id\":\"https:\/\/www.ucnc.com.co\/sitio\/#\/schema\/logo\/image\/\",\"url\":\"https:\/\/www.ucnc.com.co\/sitio\/wp-content\/uploads\/2020\/03\/logo.png\",\"contentUrl\":\"https:\/\/www.ucnc.com.co\/sitio\/wp-content\/uploads\/2020\/03\/logo.png\",\"width\":1614,\"height\":1753,\"caption\":\"Uni\u00f3n Colegiada del Notariado Colombiano\"},\"image\":{\"@id\":\"https:\/\/www.ucnc.com.co\/sitio\/#\/schema\/logo\/image\/\"},\"sameAs\":[\"https:\/\/www.facebook.com\/NotariadoColombiano\/\",\"https:\/\/x.com\/notariadoucnc\",\"https:\/\/www.instagram.com\/notariado_ucnc\/\",\"https:\/\/www.linkedin.com\/company\/ucnc\",\"https:\/\/www.exijobiometria.com.co\/\",\"https:\/\/www.youtube.com\/channel\/UC8JdCyZfLJgPiGOM1qvJFQA\"]}]}<\/script>\n<!-- \/ Yoast SEO plugin. -->","yoast_head_json":{"title":"Informaci\u00f3n frente a la crisis del COVID-19 - UCNC - Uni\u00f3n Colegiada del Notariado Colombiano","description":"Consulte aqu\u00ed la principal Informaci\u00f3n frente a la crisis del COVID-19 consolidada por la UCNC","robots":{"index":"index","follow":"follow","max-snippet":"max-snippet:-1","max-image-preview":"max-image-preview:large","max-video-preview":"max-video-preview:-1"},"canonical":"https:\/\/www.ucnc.com.co\/sitio\/informacion-frente-a-la-crisis-del-covid-19\/","og_locale":"es_ES","og_type":"article","og_title":"Informaci\u00f3n frente a la crisis del COVID-19 - UCNC - Uni\u00f3n Colegiada del Notariado Colombiano","og_description":"Consulte aqu\u00ed la principal Informaci\u00f3n frente a la crisis del COVID-19 consolidada por la UCNC","og_url":"https:\/\/www.ucnc.com.co\/sitio\/informacion-frente-a-la-crisis-del-covid-19\/","og_site_name":"UCNC - Uni\u00f3n Colegiada del Notariado Colombiano","article_publisher":"https:\/\/www.facebook.com\/NotariadoColombiano\/","article_modified_time":"2020-08-25T19:57:12+00:00","og_image":[{"url":"https:\/\/107.190.140.202\/~ucnccom\/wordpress\/wp-content\/uploads\/2020\/04\/pdf1-300x300.jpg"}],"twitter_card":"summary_large_image","twitter_site":"@notariadoucnc","schema":{"@context":"https:\/\/schema.org","@graph":[{"@type":"WebPage","@id":"https:\/\/www.ucnc.com.co\/sitio\/informacion-frente-a-la-crisis-del-covid-19\/","url":"https:\/\/www.ucnc.com.co\/sitio\/informacion-frente-a-la-crisis-del-covid-19\/","name":"Informaci\u00f3n frente a la crisis del COVID-19 - UCNC - Uni\u00f3n Colegiada del Notariado Colombiano","isPartOf":{"@id":"https:\/\/www.ucnc.com.co\/sitio\/#website"},"primaryImageOfPage":{"@id":"https:\/\/www.ucnc.com.co\/sitio\/informacion-frente-a-la-crisis-del-covid-19\/#primaryimage"},"image":{"@id":"https:\/\/www.ucnc.com.co\/sitio\/informacion-frente-a-la-crisis-del-covid-19\/#primaryimage"},"thumbnailUrl":"https:\/\/107.190.140.202\/~ucnccom\/wordpress\/wp-content\/uploads\/2020\/04\/pdf1-300x300.jpg","datePublished":"2020-03-31T19:26:03+00:00","dateModified":"2020-08-25T19:57:12+00:00","description":"Consulte aqu\u00ed la principal Informaci\u00f3n frente a la crisis del COVID-19 consolidada por la UCNC","breadcrumb":{"@id":"https:\/\/www.ucnc.com.co\/sitio\/informacion-frente-a-la-crisis-del-covid-19\/#breadcrumb"},"inLanguage":"es-CO","potentialAction":[{"@type":"ReadAction","target":["https:\/\/www.ucnc.com.co\/sitio\/informacion-frente-a-la-crisis-del-covid-19\/"]}]},{"@type":"ImageObject","inLanguage":"es-CO","@id":"https:\/\/www.ucnc.com.co\/sitio\/informacion-frente-a-la-crisis-del-covid-19\/#primaryimage","url":"https:\/\/107.190.140.202\/~ucnccom\/wordpress\/wp-content\/uploads\/2020\/04\/pdf1-300x300.jpg","contentUrl":"https:\/\/107.190.140.202\/~ucnccom\/wordpress\/wp-content\/uploads\/2020\/04\/pdf1-300x300.jpg"},{"@type":"BreadcrumbList","@id":"https:\/\/www.ucnc.com.co\/sitio\/informacion-frente-a-la-crisis-del-covid-19\/#breadcrumb","itemListElement":[{"@type":"ListItem","position":1,"name":"Home","item":"https:\/\/www.ucnc.com.co\/sitio\/"},{"@type":"ListItem","position":2,"name":"Informaci\u00f3n frente a la crisis del COVID-19"}]},{"@type":"WebSite","@id":"https:\/\/www.ucnc.com.co\/sitio\/#website","url":"https:\/\/www.ucnc.com.co\/sitio\/","name":"UCNC - Uni\u00f3n Colegiada del Notariado Colombiano","description":"Entidad privada sin \u00e1nimo de lucro que re\u00fane y representa a los notarios de Colombia.","publisher":{"@id":"https:\/\/www.ucnc.com.co\/sitio\/#organization"},"alternateName":"UCNC","potentialAction":[{"@type":"SearchAction","target":{"@type":"EntryPoint","urlTemplate":"https:\/\/www.ucnc.com.co\/sitio\/?s={search_term_string}"},"query-input":"required name=search_term_string"}],"inLanguage":"es-CO"},{"@type":"Organization","@id":"https:\/\/www.ucnc.com.co\/sitio\/#organization","name":"Uni\u00f3n Colegiada del Notariado Colombiano","alternateName":"UCNC","url":"https:\/\/www.ucnc.com.co\/sitio\/","logo":{"@type":"ImageObject","inLanguage":"es-CO","@id":"https:\/\/www.ucnc.com.co\/sitio\/#\/schema\/logo\/image\/","url":"https:\/\/www.ucnc.com.co\/sitio\/wp-content\/uploads\/2020\/03\/logo.png","contentUrl":"https:\/\/www.ucnc.com.co\/sitio\/wp-content\/uploads\/2020\/03\/logo.png","width":1614,"height":1753,"caption":"Uni\u00f3n Colegiada del Notariado Colombiano"},"image":{"@id":"https:\/\/www.ucnc.com.co\/sitio\/#\/schema\/logo\/image\/"},"sameAs":["https:\/\/www.facebook.com\/NotariadoColombiano\/","https:\/\/x.com\/notariadoucnc","https:\/\/www.instagram.com\/notariado_ucnc\/","https:\/\/www.linkedin.com\/company\/ucnc","https:\/\/www.exijobiometria.com.co\/","https:\/\/www.youtube.com\/channel\/UC8JdCyZfLJgPiGOM1qvJFQA"]}]}},"_links":{"self":[{"href":"https:\/\/www.ucnc.com.co\/sitio\/wp-json\/wp\/v2\/pages\/579"}],"collection":[{"href":"https:\/\/www.ucnc.com.co\/sitio\/wp-json\/wp\/v2\/pages"}],"about":[{"href":"https:\/\/www.ucnc.com.co\/sitio\/wp-json\/wp\/v2\/types\/page"}],"author":[{"embeddable":true,"href":"https:\/\/www.ucnc.com.co\/sitio\/wp-json\/wp\/v2\/users\/1"}],"replies":[{"embeddable":true,"href":"https:\/\/www.ucnc.com.co\/sitio\/wp-json\/wp\/v2\/comments?post=579"}],"version-history":[{"count":61,"href":"https:\/\/www.ucnc.com.co\/sitio\/wp-json\/wp\/v2\/pages\/579\/revisions"}],"predecessor-version":[{"id":6000,"href":"https:\/\/www.ucnc.com.co\/sitio\/wp-json\/wp\/v2\/pages\/579\/revisions\/6000"}],"wp:attachment":[{"href":"https:\/\/www.ucnc.com.co\/sitio\/wp-json\/wp\/v2\/media?parent=579"}],"curies":[{"name":"wp","href":"https:\/\/api.w.org\/{rel}","templated":true}]}}